{"id":397,"date":"2020-03-21T12:06:02","date_gmt":"2020-03-21T12:06:02","guid":{"rendered":"http:\/\/inaww.eu\/?page_id=397"},"modified":"2020-04-24T15:54:22","modified_gmt":"2020-04-24T15:54:22","slug":"vor-der-tuer","status":"publish","type":"page","link":"https:\/\/inaww.eu\/?page_id=397","title":{"rendered":"vor der t\u00fcr"},"content":{"rendered":"\n<blockquote class=\"wp-block-quote\"><p>&#8222;Als vorl\u00e4ufiger H\u00f6hepunkt einer schon rund 200 Jahre andauernden Entwicklung ist <strong>der R\u00fcckgang &#8230; der Mehrzahl der Insekten<\/strong> soweit fortgeschritten, dass  &#8230; selbst Nicht-Fachleute darauf aufmerksam werden und sich <strong>der Begriff des &#8222;Insektensterbens&#8220; <\/strong>etabliert hat&#8220;. <br>Dieser Begriff  wurde 2017 von den Medien in Folge eines beobachteten dramatischen R\u00fcckgangs an Fluginsekten gepr\u00e4gt.<\/p><\/blockquote>\n\n\n\n<p class=\"has-small-font-size\"> zitiert aus: Bernhard Klausnitzer &amp;  Andreas H. Segerer <br>&#8222;Stellungnahme zum Insektensterben&#8220;, <br>Entomologische Zeitschrift Bd. 129 vom Juni 2019,  freigegeben von Prof. D. Thomas Wagner <br><a href=\"http:\/\/inaww.eu\/wp-content\/uploads\/2020\/04\/stellungnahme_entomologische.pdf\" target=\"_blank\" rel=\"noreferrer noopener\">Den Artikel herunterladen.<\/a>   <\/p>\n\n\n\n<p>&#8230;. und dieser R\u00fcckgang betrifft mittlerweile alle Arten der Insekten. Das wird in dem oben zitierten Artikel ausf\u00fchrlich dargelegt.<\/p>\n\n\n\n<p>. <\/p>\n\n\n\n<p><strong>Wie w\u00e4re es, einen Leitfaden f\u00fcr ein allgemeines, bewusstes Handeln zu bekommen, <\/strong><\/p>\n\n\n\n<p><strong>der  uns hilft,  die  Erhaltung der biologische Vielfalt (Biodiversit\u00e4t) zu unterst\u00fctzen? <\/strong><\/p>\n\n\n\n<p class=\"has-text-color has-background has-vivid-red-color has-very-light-gray-background-color\">Wenn wir Verantwortung f\u00fcr unsere Umgebung \u00fcbernehmen wollen, wie stellen wir Lebensr\u00e4ume bereit, die bedrohten, heimischen Arten eine Lebensgrundlage bieten?<\/p>\n\n\n\n<p><strong>Es macht Sinn,  jetzt einige Entscheidungen zu treffen<\/strong>:<\/p>\n\n\n\n<ul><li>Die Bewirtschaftung der Fl\u00e4chen  pestizid- und giftfrei durchf\u00fchren <br>.<\/li><li>  Bei Neupflanzungen heimische, <a href=\"http:\/\/inaww.eu\/wp-content\/uploads\/2020\/04\/Nektarbildende-Str\u00e4ucher.pdf\" target=\"_blank\" rel=\"noreferrer noopener\">insektenfreundliche Arten<\/a>  bevorzugen  <br>.<\/li><li>Gr\u00fcnd\u00fcngung dem Mulchen vorziehen<\/li><\/ul>\n\n\n\n<p style=\"background-color:#f9f9f9;font-size:12px\" class=\"has-text-color has-background has-vivid-red-color\"> Die Liste der \u201eNicht \u2013 Insektenpflanzen&#8220; <a href=\"https:\/\/www.immengarten-jaesch.de\/files\/DRUCKVERSION_Schwarze_Liste__neu_ueberarbeitet_1.2017.pdf\" target=\"_blank\" rel=\"noreferrer noopener\" aria-label=\"finden Sie hier (\u00f6ffnet in neuem Tab)\">finden Sie hier<\/a><\/p>\n\n\n\n<ul><li>Gr\u00fcnbereiche  artenreich  umbauen   <\/li><\/ul>\n\n\n\n<p style=\"background-color:#f9f9f9;font-size:12px\" class=\"has-text-color has-background has-vivid-red-color\">  <br>Zus\u00e4tzlich &#8222;leere&#8220; Bereiche vorsehen, Totholzhaufen, Sandinseln, Laub und Staudenreste liegenlassen <\/p>\n\n\n\n<ul><li>Den Fl\u00e4chen  um unser Haus herum zu einem gesunden Mikroklima verhelfen. Sickerfl\u00e4chen verringern die Versiegelung des Bodens. <\/li><\/ul>\n\n\n\n<p style=\"background-color:#f9f9f9;font-size:12px\" class=\"has-text-color has-background has-vivid-red-color\">Solche\nFl\u00e4chen sichern\nden Temperaturausgleich bei Hitzewellen. Starkregen auf\ndem Grundst\u00fcck versickern zu\nlassen\nentlastet\ndie Kanalisation und\nsichert Grundwasserreserven.\n\n<\/p>\n\n\n\n<p><\/p>\n\n\n\n<ul><li>Die Lichtverschmutzung an und um unser Haus herunterfahren<\/li><\/ul>\n\n\n\n<p style=\"background-color:#f9f9f9;font-size:12px\" class=\"has-text-color has-background has-vivid-red-color\">Die nachtaktiven Insekten und ihre J\u00e4ger ben\u00f6tigen die nat\u00fcrliche \u201eDunkelheit\u201c \u2013 die zunehmende Lichtverschmutzung schr\u00e4nkt deren Lebensraum massiv ein.<\/p>\n\n\n\n<p>.<\/p>\n\n\n\n<p>Grundlagen f\u00fcr diese Aufstellung sind die<a rel=\"noreferrer noopener\" aria-label=\" hier dokumentierten Vortr\u00e4ge (\u00f6ffnet in neuem Tab)\" href=\"http:\/\/inaww.eu\/?page_id=95\" target=\"_blank\"><em> hier dokumentierten Vortr\u00e4ge<\/em><\/a> sowie die <a rel=\"noreferrer noopener\" aria-label=\"F\u00f6rderrichtlinien des Landes Rheinland Pfalz  (\u00f6ffnet in neuem Tab)\" href=\"http:\/\/www.aktion-gruen.de\" target=\"_blank\"><em>F\u00f6rderrichtlinien des Landes Rheinland Pfalz<\/em> <\/a>f\u00fcr Natur- und Artenschutz. <br>Die obige Liste ist unvollst\u00e4ndig und wird regelm\u00e4\u00dfig erweitert.  <\/p>\n\n\n\n<p>.<\/p>\n\n\n\n<p style=\"font-size:12px\"><a href=\"http:\/\/lernen-durch-bewegung.de\/?page_id=103\" target=\"_blank\" rel=\"noreferrer noopener\" aria-label=\"sponsored link (\u00f6ffnet in neuem Tab)\">sponsored link<\/a><\/p>\n","protected":false},"excerpt":{"rendered":"<p>&#8222;Als vorl\u00e4ufiger H\u00f6hepunkt einer schon rund 200 Jahre andauernden Entwicklung ist der R\u00fcckgang &#8230; der Mehrzahl der Insekten soweit fortgeschritten, dass &#8230; selbst Nicht-Fachleute darauf aufmerksam werden und sich der Begriff des &#8222;Insektensterbens&#8220; etabliert hat&#8220;. Dieser Begriff wurde 2017 von den Medien in Folge eines beobachteten dramatischen R\u00fcckgangs an Fluginsekten gepr\u00e4gt. zitiert aus: Bernhard Klausnitzer &hellip; <\/p>\n<p class=\"link-more\"><a href=\"https:\/\/inaww.eu\/?page_id=397\" class=\"more-link\"><span class=\"screen-reader-text\">\u201evor der t\u00fcr\u201c<\/span> weiterlesen<\/a><\/p>\n","protected":false},"author":1,"featured_media":0,"parent":0,"menu_order":0,"comment_status":"closed","ping_status":"closed","template":"","meta":[],"_links":{"self":[{"href":"https:\/\/inaww.eu\/index.php?rest_route=\/wp\/v2\/pages\/397"}],"collection":[{"href":"https:\/\/inaww.eu\/index.php?rest_route=\/wp\/v2\/pages"}],"about":[{"href":"https:\/\/inaww.eu\/index.php?rest_route=\/wp\/v2\/types\/page"}],"author":[{"embeddable":true,"href":"https:\/\/inaww.eu\/index.php?rest_route=\/wp\/v2\/users\/1"}],"replies":[{"embeddable":true,"href":"https:\/\/inaww.eu\/index.php?rest_route=%2Fwp%2Fv2%2Fcomments&post=397"}],"version-history":[{"count":49,"href":"https:\/\/inaww.eu\/index.php?rest_route=\/wp\/v2\/pages\/397\/revisions"}],"predecessor-version":[{"id":523,"href":"https:\/\/inaww.eu\/index.php?rest_route=\/wp\/v2\/pages\/397\/revisions\/523"}],"wp:attachment":[{"href":"https:\/\/inaww.eu\/index.php?rest_route=%2Fwp%2Fv2%2Fmedia&parent=397"}],"curies":[{"name":"wp","href":"https:\/\/api.w.org\/{rel}","templated":true}]}}