{"id":95,"date":"2020-02-24T15:21:45","date_gmt":"2020-02-24T15:21:45","guid":{"rendered":"http:\/\/inaww.eu\/?page_id=95"},"modified":"2020-03-21T11:15:09","modified_gmt":"2020-03-21T11:15:09","slug":"nebenan","status":"publish","type":"page","link":"https:\/\/inaww.eu\/?page_id=95","title":{"rendered":"nebenan"},"content":{"rendered":"\n<p>die angezeigten veranstaltungen verbinden sie zu weiterf\u00fchrenden informationen &#8211; klicken sie auf die unterstrichenen textteile<\/p>\n\n\n\n<p>.<\/p>\n\n\n\n<p> <\/p>\n\n\n\n<p style=\"font-size:18px\"><strong>MAROTH<\/strong>    <br>ALTE SCHULE<strong>  <\/strong>&#8211;  Birkenstra\u00dfe  &#8211; noch nicht terminiert <\/p>\n\n\n\n<p class=\"has-medium-font-size\"><a href=\"http:\/\/inaww.eu\/?page_id=164\" target=\"_blank\" rel=\"noreferrer noopener\" aria-label=\"RETTE DIE BIENEN (\u00f6ffnet in neuem Tab)\">RETTE DIE BIENEN<\/a><br> Menschen brauchen Insekten<br>   &#8211; Insekten brauchen Bl\u00fcten <\/p>\n\n\n\n<p><a href=\"http:\/\/imkerverbandnassau.de\/kreisverbaende-ortsvereine\/kreisimkerverband-oberwesterwald\/imkerverein-kroppacher-schweiz\/\" target=\"_blank\" rel=\"noreferrer noopener\" aria-label=\"Hans-G\u00fcnter Mohr (\u00f6ffnet in neuem Tab)\">Hans-G\u00fcnter Mohr<\/a> &#8211; Imkerverband Nassau<br>N.N. &#8211; Gartenarchitekt*in<\/p>\n\n\n\n<p class=\"has-normal-font-size\">Sie werden \u00fcber den neuen Termin informiert<\/p>\n\n\n\n<p><\/p>\n\n\n\n<p><\/p>\n\n\n\n<p style=\"font-size:18px\"><strong>Selters &#8211;<\/strong> <strong> <\/strong>6. M\u00e4rz 2020<strong> <\/strong><\/p>\n\n\n\n<p class=\"has-medium-font-size\"><a href=\"http:\/\/inaww.eu\/?page_id=238\" target=\"_blank\" rel=\"noreferrer noopener\" aria-label=\"\nElemente und Philosophie des naturnahen Gartens (\u00f6ffnet in neuem Tab)\"><br>Elemente und Philosophie des naturnahen Gartens<\/a> <br><\/p>\n\n\n\n<p style=\"font-size:17px\"><a rel=\"noreferrer noopener\" aria-label=\"Frau Susanne Piwecki, (\u00f6ffnet in neuem Tab)\" href=\"https:\/\/naturgartenplanerin.de\/index.html\" target=\"_blank\">Frau Susanne Piwecki,<\/a> Oberzeuzheim, Naturgartenplanerin <br>Kontakt Veranstalterin: <a rel=\"noreferrer noopener\" aria-label=\"Naturschutzugruppe Herschbach (\u00f6ffnet in neuem Tab)\" href=\"https:\/\/www.kvv-herschbach.de\/bereiche\/naturschutzgruppe\/termine\/\" target=\"_blank\">Naturschutzgruppe Herschbach<\/a>, J. Kuchinke<br><br><\/p>\n\n\n\n<p style=\"font-size:18px\"><strong>Selters &#8211; <\/strong>  1. M\u00e4rz 2020 <\/p>\n\n\n\n<p style=\"font-size:21px\"><br><a href=\"http:\/\/inaww.eu\/?page_id=123\" target=\"_blank\" rel=\"noreferrer noopener\" aria-label=\"DIe Vielfalt der Insektenwelt - und wie wir sie erhalten k\u00f6nnen (\u00f6ffnet in neuem Tab)\">DIe Vielfalt der Insektenwelt &#8211; und wie wir sie erhalten k\u00f6nnen<\/a><\/p>\n\n\n\n<p style=\"font-size:18px\"><a href=\"mailto:thwagner@uni-koblenz.de\">Prof. Dr. Thomas Wagner<\/a>, Universit\u00e4t Koblenz-Landau <\/p>\n\n\n\n<p style=\"font-size:12px\">Der Bericht in der Presse<a href=\"http:\/\/www.stadt-selters.de\/aktuell_biologe_fordert-umdenken.php\" target=\"_blank\" rel=\"noreferrer noopener\" aria-label=\" ist hier nachzulesen (\u00f6ffnet in neuem Tab)\"> ist hier nachzulesen<\/a><\/p>\n\n\n\n<p>.<\/p>\n\n\n\n<p>.<\/p>\n\n\n\n<p style=\"font-size:18px\"> bei ihnen ist<strong> nebenan<\/strong> nichts los? das k\u00f6nnen sie \u00e4ndern:<br> <a rel=\"noreferrer noopener\" aria-label=\" (\u00f6ffnet in neuem Tab)\" href=\"https:\/\/nebenan.de\/\" target=\"_blank\">selbst nachbar werden<\/a><\/p>\n","protected":false},"excerpt":{"rendered":"<p>die angezeigten veranstaltungen verbinden sie zu weiterf\u00fchrenden informationen &#8211; klicken sie auf die unterstrichenen textteile . MAROTH ALTE SCHULE &#8211; Birkenstra\u00dfe &#8211; noch nicht terminiert RETTE DIE BIENEN Menschen brauchen Insekten &#8211; Insekten brauchen Bl\u00fcten Hans-G\u00fcnter Mohr &#8211; Imkerverband NassauN.N. &#8211; Gartenarchitekt*in Sie werden \u00fcber den neuen Termin informiert Selters &#8211; 6. M\u00e4rz 2020 Elemente &hellip; <\/p>\n<p class=\"link-more\"><a href=\"https:\/\/inaww.eu\/?page_id=95\" class=\"more-link\"><span class=\"screen-reader-text\">\u201enebenan\u201c<\/span> weiterlesen<\/a><\/p>\n","protected":false},"author":1,"featured_media":0,"parent":0,"menu_order":0,"comment_status":"closed","ping_status":"closed","template":"","meta":[],"_links":{"self":[{"href":"https:\/\/inaww.eu\/index.php?rest_route=\/wp\/v2\/pages\/95"}],"collection":[{"href":"https:\/\/inaww.eu\/index.php?rest_route=\/wp\/v2\/pages"}],"about":[{"href":"https:\/\/inaww.eu\/index.php?rest_route=\/wp\/v2\/types\/page"}],"author":[{"embeddable":true,"href":"https:\/\/inaww.eu\/index.php?rest_route=\/wp\/v2\/users\/1"}],"replies":[{"embeddable":true,"href":"https:\/\/inaww.eu\/index.php?rest_route=%2Fwp%2Fv2%2Fcomments&post=95"}],"version-history":[{"count":57,"href":"https:\/\/inaww.eu\/index.php?rest_route=\/wp\/v2\/pages\/95\/revisions"}],"predecessor-version":[{"id":395,"href":"https:\/\/inaww.eu\/index.php?rest_route=\/wp\/v2\/pages\/95\/revisions\/395"}],"wp:attachment":[{"href":"https:\/\/inaww.eu\/index.php?rest_route=%2Fwp%2Fv2%2Fmedia&parent=95"}],"curies":[{"name":"wp","href":"https:\/\/api.w.org\/{rel}","templated":true}]}}